{"id":605,"date":"2023-09-07T17:46:41","date_gmt":"2023-09-07T15:46:41","guid":{"rendered":"https:\/\/www.shobukai.fr\/?page_id=605"},"modified":"2024-06-20T11:34:10","modified_gmt":"2024-06-20T09:34:10","slug":"presentation","status":"publish","type":"page","link":"https:\/\/www.shobukai.fr\/index.php\/presentation\/","title":{"rendered":"Association Sho Bu Kai &#8211; pr\u00e9sentation"},"content":{"rendered":"<p>[et_pb_section fb_built=\u00a0\u00bb1&Prime; custom_padding_last_edited=\u00a0\u00bbon|phone\u00a0\u00bb admin_label=\u00a0\u00bbNom de la discipine\u00a0\u00bb _builder_version=\u00a0\u00bb4.21.0&Prime; _module_preset=\u00a0\u00bbdefault\u00a0\u00bb background_color=\u00a0\u00bb#C63627&Prime; background_enable_image=\u00a0\u00bboff\u00a0\u00bb custom_margin_tablet=\u00a0\u00bb\u00a0\u00bb custom_margin_phone=\u00a0\u00bb0px|0px|0px|0px|false|false\u00a0\u00bb custom_margin_last_edited=\u00a0\u00bbon|phone\u00a0\u00bb custom_padding=\u00a0\u00bb100px||90px||false|false\u00a0\u00bb custom_padding_tablet=\u00a0\u00bb80px||140px||false|false\u00a0\u00bb custom_padding_phone=\u00a0\u00bb100px|0px|80px|0px|false|false\u00a0\u00bb locked=\u00a0\u00bboff\u00a0\u00bb collapsed=\u00a0\u00bbon\u00a0\u00bb global_colors_info=\u00a0\u00bb{}\u00a0\u00bb][et_pb_row _builder_version=\u00a0\u00bb4.21.0&Prime; _module_preset=\u00a0\u00bb4099c91a-21f9-4ff2-a9cb-fb270aa3240f\u00a0\u00bb custom_margin_tablet=\u00a0\u00bb||||false|false\u00a0\u00bb custom_margin_phone=\u00a0\u00bb||||false|false\u00a0\u00bb custom_margin_last_edited=\u00a0\u00bbon|tablet\u00a0\u00bb custom_padding_tablet=\u00a0\u00bb80px|60px|0px|60px|false|false\u00a0\u00bb global_colors_info=\u00a0\u00bb{}\u00a0\u00bb][et_pb_column type=\u00a0\u00bb4_4&Prime; _builder_version=\u00a0\u00bb4.21.0&Prime; _module_preset=\u00a0\u00bbdefault\u00a0\u00bb background_color=\u00a0\u00bb#C63627&Prime; custom_padding_tablet=\u00a0\u00bb\u00a0\u00bb custom_padding_phone=\u00a0\u00bb0px|0px|0px|0px|false|false\u00a0\u00bb custom_padding_last_edited=\u00a0\u00bbon|phone\u00a0\u00bb global_colors_info=\u00a0\u00bb{}\u00a0\u00bb][et_pb_text _builder_version=\u00a0\u00bb4.22.1&Prime; _module_preset=\u00a0\u00bbdefault\u00a0\u00bb header_font=\u00a0\u00bb|800|||||||\u00a0\u00bb header_line_height=\u00a0\u00bb1.3em\u00a0\u00bb global_colors_info=\u00a0\u00bb{}\u00a0\u00bb]<\/p>\n<h1 style=\"text-align: center;\">SHO BU KAI<\/h1>\n<p>[\/et_pb_text][\/et_pb_column][\/et_pb_row][\/et_pb_section][et_pb_section fb_built=\u00a0\u00bb1&Prime; admin_label=\u00a0\u00bbServices\u00a0\u00bb _builder_version=\u00a0\u00bb4.22.1&Prime; _module_preset=\u00a0\u00bbdefault\u00a0\u00bb background_color=\u00a0\u00bb#EEF0F2&Prime; locked=\u00a0\u00bboff\u00a0\u00bb collapsed=\u00a0\u00bbon\u00a0\u00bb global_colors_info=\u00a0\u00bb{}\u00a0\u00bb][et_pb_row _builder_version=\u00a0\u00bb4.22.1&Prime; _module_preset=\u00a0\u00bbdefault\u00a0\u00bb global_colors_info=\u00a0\u00bb{}\u00a0\u00bb][et_pb_column type=\u00a0\u00bb4_4&Prime; _builder_version=\u00a0\u00bb4.22.1&Prime; _module_preset=\u00a0\u00bbdefault\u00a0\u00bb global_colors_info=\u00a0\u00bb{}\u00a0\u00bb][et_pb_text _builder_version=\u00a0\u00bb4.22.1&Prime; _module_preset=\u00a0\u00bb08dcd64b-6712-4a0e-9a26-57be068d7e57&Prime; text_font=\u00a0\u00bbJosefin Sans||||||||\u00a0\u00bb header_2_font=\u00a0\u00bbJosefin Sans|700||on|||||\u00a0\u00bb header_2_text_align=\u00a0\u00bbcenter\u00a0\u00bb header_2_text_color=\u00a0\u00bb#1A2E35&Prime; header_2_font_size=\u00a0\u00bb30px\u00a0\u00bb header_2_line_height=\u00a0\u00bb1.3em\u00a0\u00bb locked=\u00a0\u00bboff\u00a0\u00bb global_colors_info=\u00a0\u00bb{}\u00a0\u00bb]<\/p>\n<h2>Qui sommes-nous ?<\/h2>\n<p>[\/et_pb_text][\/et_pb_column][\/et_pb_row][et_pb_row column_structure=\u00a0\u00bb1_4,1_4,1_4,1_4&Prime; use_custom_gutter=\u00a0\u00bbon\u00a0\u00bb gutter_width=\u00a0\u00bb2&Prime; make_equal=\u00a0\u00bbon\u00a0\u00bb custom_padding_last_edited=\u00a0\u00bbon|tablet\u00a0\u00bb _builder_version=\u00a0\u00bb4.22.1&Prime; _module_preset=\u00a0\u00bbdefault\u00a0\u00bb custom_padding_tablet=\u00a0\u00bb||0px||false|false\u00a0\u00bb custom_padding_phone=\u00a0\u00bb||0px||false|false\u00a0\u00bb locked=\u00a0\u00bboff\u00a0\u00bb global_colors_info=\u00a0\u00bb{}\u00a0\u00bb][et_pb_column type=\u00a0\u00bb1_4&Prime; _builder_version=\u00a0\u00bb4.20.0&Prime; _module_preset=\u00a0\u00bbdefault\u00a0\u00bb background_color=\u00a0\u00bb#FFFFFF\u00a0\u00bb custom_padding=\u00a0\u00bb40px|20px|40px|20px|true|true\u00a0\u00bb custom_padding_tablet=\u00a0\u00bb30px|30px|30px|30px|true|true\u00a0\u00bb custom_padding_phone=\u00a0\u00bb20px|20px|20px|20px|true|true\u00a0\u00bb custom_padding_last_edited=\u00a0\u00bbon|desktop\u00a0\u00bb global_colors_info=\u00a0\u00bb{}\u00a0\u00bb custom_padding__hover=\u00a0\u00bb30px||50px||false|true\u00a0\u00bb custom_padding__hover_enabled=\u00a0\u00bbon|desktop\u00a0\u00bb][et_pb_blurb title=\u00a0\u00bbAssociation\u00a0\u00bb image=\u00a0\u00bbhttps:\/\/www.shobukai.fr\/wp-content\/uploads\/2023\/09\/Association-martiale.jpg\u00a0\u00bb _builder_version=\u00a0\u00bb4.22.1&Prime; _module_preset=\u00a0\u00bbd4587653-3b68-40ee-ac09-2edd8418c30f\u00a0\u00bb header_line_height=\u00a0\u00bb2em\u00a0\u00bb body_font_size=\u00a0\u00bb16px\u00a0\u00bb locked=\u00a0\u00bboff\u00a0\u00bb global_colors_info=\u00a0\u00bb{%22gcid-cc1e7daa-e7a2-44d1-a6d4-86221a549f5c%22:%91%22link_text_color%22%93,%22gcid-c89f5116-e22d-4a85-9acd-d2301e8087e7%22:%91%22header_4_text_color%22,%22header_text_color%22%93}\u00a0\u00bb]<\/p>\n<p style=\"text-align: left;\"><span style=\"font-weight: 400;\">Le Sho Bu Kai est une association d\u2019arts martiaux et de yoga loi 1901 cr\u00e9\u00e9e en 1960 \u00e0 Nancy. \u00ab Sho Bu Kai \u00bb signifie en japonais \u00ab \u00e9cole d\u2019arts martiaux \u00bb.<\/span><\/p>\n<p style=\"text-align: left;\"><span style=\"font-weight: 400;\">Aujourd&rsquo;hui, c&rsquo;est environ 600 licenci\u00e9s qui participent \u00e0 nos activit\u00e9s.<\/span><\/p>\n<p style=\"text-align: left;\">[\/et_pb_blurb][\/et_pb_column][et_pb_column type=\u00a0\u00bb1_4&Prime; _builder_version=\u00a0\u00bb4.22.1&Prime; _module_preset=\u00a0\u00bbdefault\u00a0\u00bb background_image=\u00a0\u00bbhttps:\/\/www.shobukai.fr\/wp-content\/uploads\/2023\/09\/Association.webp\u00a0\u00bb global_colors_info=\u00a0\u00bb{}\u00a0\u00bb][et_pb_divider show_divider=\u00a0\u00bboff\u00a0\u00bb _builder_version=\u00a0\u00bb4.20.0&Prime; _module_preset=\u00a0\u00bbdefault\u00a0\u00bb height_tablet=\u00a0\u00bb\u00a0\u00bb height_phone=\u00a0\u00bb64vw\u00a0\u00bb height_last_edited=\u00a0\u00bbon|desktop\u00a0\u00bb global_colors_info=\u00a0\u00bb{}\u00a0\u00bb][\/et_pb_divider][\/et_pb_column][et_pb_column type=\u00a0\u00bb1_4&Prime; _builder_version=\u00a0\u00bb4.20.0&Prime; _module_preset=\u00a0\u00bbdefault\u00a0\u00bb background_color=\u00a0\u00bb#FFFFFF\u00a0\u00bb custom_padding=\u00a0\u00bb40px|20px|40px|20px|true|true\u00a0\u00bb custom_padding_tablet=\u00a0\u00bb30px|30px|30px|30px|true|true\u00a0\u00bb custom_padding_phone=\u00a0\u00bb20px|20px|20px|20px|true|true\u00a0\u00bb custom_padding_last_edited=\u00a0\u00bbon|desktop\u00a0\u00bb global_colors_info=\u00a0\u00bb{}\u00a0\u00bb custom_padding__hover=\u00a0\u00bb30px||50px||false|true\u00a0\u00bb custom_padding__hover_enabled=\u00a0\u00bbon|desktop\u00a0\u00bb][et_pb_blurb title=\u00a0\u00bb12 disciplines\u00a0\u00bb image=\u00a0\u00bbhttps:\/\/www.shobukai.fr\/wp-content\/uploads\/2023\/09\/Disciplines-martiales-1.jpg\u00a0\u00bb _builder_version=\u00a0\u00bb4.22.1&Prime; _module_preset=\u00a0\u00bbd4587653-3b68-40ee-ac09-2edd8418c30f\u00a0\u00bb header_line_height=\u00a0\u00bb2em\u00a0\u00bb body_font_size=\u00a0\u00bb16px\u00a0\u00bb body_font_size_tablet=\u00a0\u00bb16px\u00a0\u00bb body_font_size_phone=\u00a0\u00bb16px\u00a0\u00bb body_font_size_last_edited=\u00a0\u00bbon|phone\u00a0\u00bb locked=\u00a0\u00bboff\u00a0\u00bb global_colors_info=\u00a0\u00bb{%22gcid-cc1e7daa-e7a2-44d1-a6d4-86221a549f5c%22:%91%22link_text_color%22%93,%22gcid-c89f5116-e22d-4a85-9acd-d2301e8087e7%22:%91%22header_4_text_color%22,%22header_text_color%22%93}\u00a0\u00bb]<\/p>\n<p style=\"text-align: left;\"><span style=\"font-weight: 400;\">Le club est affili\u00e9 aux F\u00e9d\u00e9rations Fran\u00e7aise de Judo, d\u2019A\u00efkido et de Budo, de Taekwondo, de Karat\u00e9, d\u2019arts martiaux et \u00e9nerg\u00e9tiques chinois ainsi qu\u2019\u00e0 l\u2019Union Nationale de Yoga et compte 12 disciplines<\/span><\/p>\n<p>[\/et_pb_blurb][\/et_pb_column][et_pb_column type=\u00a0\u00bb1_4&Prime; _builder_version=\u00a0\u00bb4.22.1&Prime; _module_preset=\u00a0\u00bbdefault\u00a0\u00bb background_image=\u00a0\u00bbhttps:\/\/www.shobukai.fr\/wp-content\/uploads\/2023\/09\/Disciplines.webp\u00a0\u00bb global_colors_info=\u00a0\u00bb{}\u00a0\u00bb][et_pb_divider show_divider=\u00a0\u00bboff\u00a0\u00bb _builder_version=\u00a0\u00bb4.20.0&Prime; _module_preset=\u00a0\u00bbdefault\u00a0\u00bb height_tablet=\u00a0\u00bb\u00a0\u00bb height_phone=\u00a0\u00bb64vw\u00a0\u00bb height_last_edited=\u00a0\u00bbon|desktop\u00a0\u00bb locked=\u00a0\u00bboff\u00a0\u00bb global_colors_info=\u00a0\u00bb{}\u00a0\u00bb][\/et_pb_divider][\/et_pb_column][\/et_pb_row][et_pb_row column_structure=\u00a0\u00bb1_4,1_4,1_4,1_4&Prime; use_custom_gutter=\u00a0\u00bbon\u00a0\u00bb gutter_width=\u00a0\u00bb2&Prime; make_equal=\u00a0\u00bbon\u00a0\u00bb _builder_version=\u00a0\u00bb4.22.1&Prime; _module_preset=\u00a0\u00bbdefault\u00a0\u00bb global_colors_info=\u00a0\u00bb{}\u00a0\u00bb][et_pb_column type=\u00a0\u00bb1_4&Prime; _builder_version=\u00a0\u00bb4.22.1&Prime; _module_preset=\u00a0\u00bbdefault\u00a0\u00bb background_image=\u00a0\u00bbhttps:\/\/www.shobukai.fr\/wp-content\/uploads\/2023\/09\/Federations-et-ministere.webp\u00a0\u00bb global_colors_info=\u00a0\u00bb{}\u00a0\u00bb][et_pb_divider show_divider=\u00a0\u00bboff\u00a0\u00bb _builder_version=\u00a0\u00bb4.20.0&Prime; _module_preset=\u00a0\u00bbdefault\u00a0\u00bb height_tablet=\u00a0\u00bb\u00a0\u00bb height_phone=\u00a0\u00bb64vw\u00a0\u00bb height_last_edited=\u00a0\u00bbon|desktop\u00a0\u00bb global_colors_info=\u00a0\u00bb{}\u00a0\u00bb][\/et_pb_divider][\/et_pb_column][et_pb_column type=\u00a0\u00bb1_4&Prime; _builder_version=\u00a0\u00bb4.20.0&Prime; _module_preset=\u00a0\u00bbdefault\u00a0\u00bb background_color=\u00a0\u00bb#FFFFFF\u00a0\u00bb custom_padding=\u00a0\u00bb40px|20px|40px|20px|true|true\u00a0\u00bb custom_padding_tablet=\u00a0\u00bb30px|30px|30px|30px|true|true\u00a0\u00bb custom_padding_phone=\u00a0\u00bb20px|20px|20px|20px|true|true\u00a0\u00bb custom_padding_last_edited=\u00a0\u00bbon|desktop\u00a0\u00bb global_colors_info=\u00a0\u00bb{}\u00a0\u00bb custom_padding__hover=\u00a0\u00bb30px||50px||false|true\u00a0\u00bb custom_padding__hover_enabled=\u00a0\u00bbon|desktop\u00a0\u00bb][et_pb_blurb title=\u00a0\u00bbAnimations et tournois\u00a0\u00bb image=\u00a0\u00bbhttps:\/\/www.shobukai.fr\/wp-content\/uploads\/2023\/09\/Federations-martiales.jpg\u00a0\u00bb _builder_version=\u00a0\u00bb4.22.1&Prime; _module_preset=\u00a0\u00bbd4587653-3b68-40ee-ac09-2edd8418c30f\u00a0\u00bb header_line_height=\u00a0\u00bb2em\u00a0\u00bb body_font_size=\u00a0\u00bb16px\u00a0\u00bb locked=\u00a0\u00bboff\u00a0\u00bb global_colors_info=\u00a0\u00bb{%22gcid-cc1e7daa-e7a2-44d1-a6d4-86221a549f5c%22:%91%22link_text_color%22%93,%22gcid-c89f5116-e22d-4a85-9acd-d2301e8087e7%22:%91%22header_4_text_color%22,%22header_text_color%22%93}\u00a0\u00bb]<\/p>\n<p style=\"text-align: left;\"><span style=\"font-weight: 400;\">L\u2019association poss\u00e8de l\u2019agr\u00e9ment du Minist\u00e8re de la Jeunesse et des Sports, \u00e0 ce titre elle r\u00e9pond aux exigences minist\u00e9rielles.<\/span><\/p>\n<p style=\"text-align: left;\"><span style=\"font-weight: 400;\">Le Sho Bu Kai est adh\u00e9rent de l\u2019Office Municipal des Sports de la Ville de Nancy et participe activement aux animations organis\u00e9es par la ville et l\u2019OMS.<\/span><\/p>\n<p>[\/et_pb_blurb][\/et_pb_column][et_pb_column type=\u00a0\u00bb1_4&Prime; _builder_version=\u00a0\u00bb4.22.1&Prime; _module_preset=\u00a0\u00bbdefault\u00a0\u00bb background_image=\u00a0\u00bbhttps:\/\/www.shobukai.fr\/wp-content\/uploads\/2023\/09\/Professeurs-diplomes.webp\u00a0\u00bb global_colors_info=\u00a0\u00bb{}\u00a0\u00bb][et_pb_divider show_divider=\u00a0\u00bboff\u00a0\u00bb _builder_version=\u00a0\u00bb4.20.0&Prime; _module_preset=\u00a0\u00bbdefault\u00a0\u00bb height_tablet=\u00a0\u00bb\u00a0\u00bb height_phone=\u00a0\u00bb64vw\u00a0\u00bb height_last_edited=\u00a0\u00bbon|desktop\u00a0\u00bb locked=\u00a0\u00bboff\u00a0\u00bb global_colors_info=\u00a0\u00bb{}\u00a0\u00bb][\/et_pb_divider][\/et_pb_column][et_pb_column type=\u00a0\u00bb1_4&Prime; _builder_version=\u00a0\u00bb4.20.0&Prime; _module_preset=\u00a0\u00bbdefault\u00a0\u00bb background_color=\u00a0\u00bb#FFFFFF\u00a0\u00bb custom_padding=\u00a0\u00bb40px|20px|40px|20px|true|true\u00a0\u00bb custom_padding_tablet=\u00a0\u00bb30px|30px|30px|30px|true|true\u00a0\u00bb custom_padding_phone=\u00a0\u00bb20px|20px|20px|20px|true|true\u00a0\u00bb custom_padding_last_edited=\u00a0\u00bbon|desktop\u00a0\u00bb global_colors_info=\u00a0\u00bb{}\u00a0\u00bb custom_padding__hover=\u00a0\u00bb30px||50px||false|true\u00a0\u00bb custom_padding__hover_enabled=\u00a0\u00bbon|desktop\u00a0\u00bb][et_pb_blurb title=\u00a0\u00bbProfesseurs dipl\u00f4m\u00e9s\u00a0\u00bb image=\u00a0\u00bbhttps:\/\/www.shobukai.fr\/wp-content\/uploads\/2023\/09\/Professeurs-martiaux.jpg\u00a0\u00bb _builder_version=\u00a0\u00bb4.22.1&Prime; _module_preset=\u00a0\u00bbd4587653-3b68-40ee-ac09-2edd8418c30f\u00a0\u00bb header_line_height=\u00a0\u00bb2em\u00a0\u00bb body_font_size=\u00a0\u00bb16px\u00a0\u00bb locked=\u00a0\u00bboff\u00a0\u00bb global_colors_info=\u00a0\u00bb{%22gcid-cc1e7daa-e7a2-44d1-a6d4-86221a549f5c%22:%91%22link_text_color%22%93,%22gcid-c89f5116-e22d-4a85-9acd-d2301e8087e7%22:%91%22header_4_text_color%22,%22header_text_color%22%93}\u00a0\u00bb]<\/p>\n<p style=\"text-align: left;\"><span style=\"font-weight: 400;\">Les enseignants sont tous dipl\u00f4m\u00e9s que ce soit par des Brevets d\u2019Etat (DEJEPS, B.E. 1er et 2\u00e8me degr\u00e9) ou par des dipl\u00f4mes f\u00e9d\u00e9raux (DIF, BF, DF, DARP, Monitorat\u2026). Le Sho Bu Kai assure sa fonction de club formateur et travaille aussi sur la pr\u00e9vention et l\u2019insertion par les arts martiaux.<\/span><\/p>\n<p>[\/et_pb_blurb][\/et_pb_column][\/et_pb_row][et_pb_row _builder_version=\u00a0\u00bb4.22.1&Prime; _module_preset=\u00a0\u00bbdefault\u00a0\u00bb global_colors_info=\u00a0\u00bb{}\u00a0\u00bb][et_pb_column type=\u00a0\u00bb4_4&Prime; _builder_version=\u00a0\u00bb4.22.1&Prime; _module_preset=\u00a0\u00bbdefault\u00a0\u00bb global_colors_info=\u00a0\u00bb{}\u00a0\u00bb][et_pb_slider _builder_version=\u00a0\u00bb4.22.1&Prime; _module_preset=\u00a0\u00bbdefault\u00a0\u00bb custom_padding=\u00a0\u00bb250px||250px||false|false\u00a0\u00bb locked=\u00a0\u00bboff\u00a0\u00bb global_colors_info=\u00a0\u00bb{}\u00a0\u00bb][et_pb_slide _builder_version=\u00a0\u00bb4.22.1&Prime; _module_preset=\u00a0\u00bbdefault\u00a0\u00bb background_color=\u00a0\u00bbRGBA(255,255,255,0)\u00a0\u00bb background_enable_color=\u00a0\u00bbon\u00a0\u00bb background_image=\u00a0\u00bbhttps:\/\/www.shobukai.fr\/wp-content\/uploads\/2023\/09\/Shobukai-demonstration-de-Judo.webp\u00a0\u00bb background_enable_image=\u00a0\u00bbon\u00a0\u00bb locked=\u00a0\u00bboff\u00a0\u00bb global_colors_info=\u00a0\u00bb{}\u00a0\u00bb sticky_transition=\u00a0\u00bbon\u00a0\u00bb][\/et_pb_slide][et_pb_slide _builder_version=\u00a0\u00bb4.22.1&Prime; _module_preset=\u00a0\u00bbdefault\u00a0\u00bb background_color=\u00a0\u00bbRGBA(255,255,255,0)\u00a0\u00bb background_enable_color=\u00a0\u00bbon\u00a0\u00bb background_image=\u00a0\u00bbhttps:\/\/www.shobukai.fr\/wp-content\/uploads\/2023\/09\/Shobukai-demonstration-de-Meditation.webp\u00a0\u00bb background_enable_image=\u00a0\u00bbon\u00a0\u00bb locked=\u00a0\u00bboff\u00a0\u00bb global_colors_info=\u00a0\u00bb{}\u00a0\u00bb sticky_transition=\u00a0\u00bbon\u00a0\u00bb][\/et_pb_slide][et_pb_slide _builder_version=\u00a0\u00bb4.22.1&Prime; _module_preset=\u00a0\u00bbdefault\u00a0\u00bb background_color=\u00a0\u00bbRGBA(255,255,255,0)\u00a0\u00bb background_enable_color=\u00a0\u00bbon\u00a0\u00bb background_image=\u00a0\u00bbhttps:\/\/www.shobukai.fr\/wp-content\/uploads\/2023\/09\/Shobukai-demonstration-de-Taekwondo.webp\u00a0\u00bb background_enable_image=\u00a0\u00bbon\u00a0\u00bb locked=\u00a0\u00bboff\u00a0\u00bb global_colors_info=\u00a0\u00bb{}\u00a0\u00bb sticky_transition=\u00a0\u00bbon\u00a0\u00bb][\/et_pb_slide][\/et_pb_slider][\/et_pb_column][\/et_pb_row][\/et_pb_section][et_pb_section fb_built=\u00a0\u00bb1&Prime; _builder_version=\u00a0\u00bb4.22.1&Prime; _module_preset=\u00a0\u00bbdefault\u00a0\u00bb background_enable_color=\u00a0\u00bboff\u00a0\u00bb background_image=\u00a0\u00bbhttps:\/\/www.shobukai.fr\/wp-content\/uploads\/2023\/09\/Association-art-martial-nancy.webp\u00a0\u00bb parallax=\u00a0\u00bbon\u00a0\u00bb custom_padding=\u00a0\u00bb6%||6%||false|false\u00a0\u00bb global_colors_info=\u00a0\u00bb{}\u00a0\u00bb][\/et_pb_section][et_pb_section fb_built=\u00a0\u00bb1&Prime; fullwidth=\u00a0\u00bbon\u00a0\u00bb _builder_version=\u00a0\u00bb4.22.1&Prime; _module_preset=\u00a0\u00bbdefault\u00a0\u00bb global_colors_info=\u00a0\u00bb{}\u00a0\u00bb][et_pb_fullwidth_image title_text=\u00a0\u00bbprise au sol\u00a0\u00bb _builder_version=\u00a0\u00bb4.22.1&Prime; _module_preset=\u00a0\u00bbdefault\u00a0\u00bb global_colors_info=\u00a0\u00bb{}\u00a0\u00bb][\/et_pb_fullwidth_image][\/et_pb_section][et_pb_section fb_built=\u00a0\u00bb1&Prime; _builder_version=\u00a0\u00bb4.22.1&Prime; _module_preset=\u00a0\u00bbdefault\u00a0\u00bb global_colors_info=\u00a0\u00bb{}\u00a0\u00bb][et_pb_row _builder_version=\u00a0\u00bb4.22.1&Prime; _module_preset=\u00a0\u00bbdefault\u00a0\u00bb global_colors_info=\u00a0\u00bb{}\u00a0\u00bb][et_pb_column type=\u00a0\u00bb4_4&Prime; _builder_version=\u00a0\u00bb4.22.1&Prime; _module_preset=\u00a0\u00bbdefault\u00a0\u00bb global_colors_info=\u00a0\u00bb{}\u00a0\u00bb][et_pb_text _builder_version=\u00a0\u00bb4.22.1&Prime; _module_preset=\u00a0\u00bb08dcd64b-6712-4a0e-9a26-57be068d7e57&Prime; text_font=\u00a0\u00bbJosefin Sans||||||||\u00a0\u00bb header_2_font=\u00a0\u00bbJosefin Sans|700||on|||||\u00a0\u00bb header_2_text_align=\u00a0\u00bbcenter\u00a0\u00bb header_2_text_color=\u00a0\u00bb#1A2E35&Prime; header_2_font_size=\u00a0\u00bb30px\u00a0\u00bb header_2_line_height=\u00a0\u00bb1.3em\u00a0\u00bb locked=\u00a0\u00bboff\u00a0\u00bb global_colors_info=\u00a0\u00bb{}\u00a0\u00bb]<\/p>\n<h2>Notre \u00e9quipe<\/h2>\n<p>[\/et_pb_text][\/et_pb_column][\/et_pb_row][et_pb_row _builder_version=\u00a0\u00bb4.22.1&Prime; _module_preset=\u00a0\u00bbdefault\u00a0\u00bb global_colors_info=\u00a0\u00bb{}\u00a0\u00bb][et_pb_column type=\u00a0\u00bb4_4&Prime; _builder_version=\u00a0\u00bb4.22.1&Prime; _module_preset=\u00a0\u00bbdefault\u00a0\u00bb global_colors_info=\u00a0\u00bb{}\u00a0\u00bb][et_pb_image src=\u00a0\u00bbhttps:\/\/www.shobukai.fr\/wp-content\/uploads\/2024\/06\/organigramme-V2-min-scaled.jpg\u00a0\u00bb title_text=\u00a0\u00bborganigramme-V2-min\u00a0\u00bb align=\u00a0\u00bbcenter\u00a0\u00bb _builder_version=\u00a0\u00bb4.23.2&Prime; _module_preset=\u00a0\u00bbdefault\u00a0\u00bb width=\u00a0\u00bb80%\u00a0\u00bb global_colors_info=\u00a0\u00bb{}\u00a0\u00bb][\/et_pb_image][\/et_pb_column][\/et_pb_row][\/et_pb_section][et_pb_section fb_built=\u00a0\u00bb1&Prime; _builder_version=\u00a0\u00bb4.22.1&Prime; _module_preset=\u00a0\u00bbdefault\u00a0\u00bb background_color=\u00a0\u00bb#EEF0F2&Prime; global_colors_info=\u00a0\u00bb{}\u00a0\u00bb][et_pb_row _builder_version=\u00a0\u00bb4.22.1&Prime; _module_preset=\u00a0\u00bbdefault\u00a0\u00bb global_colors_info=\u00a0\u00bb{}\u00a0\u00bb][et_pb_column type=\u00a0\u00bb4_4&Prime; _builder_version=\u00a0\u00bb4.22.1&Prime; _module_preset=\u00a0\u00bbdefault\u00a0\u00bb global_colors_info=\u00a0\u00bb{}\u00a0\u00bb][et_pb_text _builder_version=\u00a0\u00bb4.22.1&Prime; _module_preset=\u00a0\u00bb08dcd64b-6712-4a0e-9a26-57be068d7e57&Prime; text_font=\u00a0\u00bbJosefin Sans||||||||\u00a0\u00bb header_2_font=\u00a0\u00bbJosefin Sans|700||on|||||\u00a0\u00bb header_2_text_align=\u00a0\u00bbcenter\u00a0\u00bb header_2_text_color=\u00a0\u00bb#1A2E35&Prime; header_2_font_size=\u00a0\u00bb30px\u00a0\u00bb header_2_line_height=\u00a0\u00bb1.3em\u00a0\u00bb locked=\u00a0\u00bboff\u00a0\u00bb global_colors_info=\u00a0\u00bb{}\u00a0\u00bb]<\/p>\n<h2>Paul Friederich, l&rsquo;un des fondateur du sho bu kai en 1960<\/h2>\n<p>[\/et_pb_text][\/et_pb_column][\/et_pb_row][et_pb_row _builder_version=\u00a0\u00bb4.22.1&Prime; _module_preset=\u00a0\u00bbdefault\u00a0\u00bb global_colors_info=\u00a0\u00bb{}\u00a0\u00bb][et_pb_column type=\u00a0\u00bb4_4&Prime; _builder_version=\u00a0\u00bb4.22.1&Prime; _module_preset=\u00a0\u00bbdefault\u00a0\u00bb global_colors_info=\u00a0\u00bb{}\u00a0\u00bb][et_pb_text _builder_version=\u00a0\u00bb4.22.1&Prime; _module_preset=\u00a0\u00bbdefault\u00a0\u00bb text_text_color=\u00a0\u00bb#1A2E35&Prime; text_font_size=\u00a0\u00bb20px\u00a0\u00bb custom_margin=\u00a0\u00bb||0px||false|false\u00a0\u00bb locked=\u00a0\u00bboff\u00a0\u00bb global_colors_info=\u00a0\u00bb{}\u00a0\u00bb]<\/p>\n<p><span style=\"font-weight: 400;\">Paul Friederich a consacr\u00e9 toute sa vie aux sports, s\u2019est distingu\u00e9 sur les tatamis, a \u0153uvr\u00e9 pour la jeunesse. Son nom sera donn\u00e9 au nouveau p\u00f4le sportif de Gentilly. Une cons\u00e9cration.<\/span><\/p>\n<p><span style=\"font-weight: 400;\">Impossible de r\u00e9sumer la vie de Paul Friederich. Trop remplie d\u2019exploits, de\u00a0 r\u00e9compenses, de m\u00e9dailles, de titres\u2026 Tellement riche d\u2019actions, d\u2019enseignements, d\u2019initiatives sur le plan sportif ou professionnel. Lui-m\u00eame d\u2019ailleurs ne parvient pas \u00e0 en faire un raccourci. Sa vie est un roman. Qui m\u00e9rite l\u2019hommage que lui rendra la ville de Nancy, lorsqu\u2019elle baptisera de son nom le nouveau p\u00f4le sportif et socio- \u00e9ducatif du parc de Gentilly.<\/span><\/p>\n<p><span style=\"font-weight: 400;\">Paul, n\u00e9 \u00e0 Metz en 1923, commence \u00e0 courir dans son village de La\u00eetre -sous-Amance. L\u2019enfant suit \u00e0 l\u2019aise les plus grands sur leur v\u00e9lo. A 10 ans, c\u2019est le foot au FC Nancy. \u00ab Je ne me d\u00e9fendais pas trop mal, mais j\u2019\u00e9tais pas une vedette \u00bb. Puis la boxe et la lutte gr\u00e9co-romaine. En 1941, il participe \u00e0 un cross populaire. Avec des chaussures de foot \u00e0 crampons, il d\u00e9passe \u00ab avec une avance incroyable \u00bb les 250 concurrents, dont des sp\u00e9cialistes. Dans la foul\u00e9e, il int\u00e8gre un club d\u2019athl\u00e9tisme et truste les podiums r\u00e9gionaux.<\/span><\/p>\n<p><b>Une vie sur le tapis<\/b><\/p>\n<p><span style=\"font-weight: 400;\">En 1945, il entre dans la police. Ses qualit\u00e9s sportives sont mises \u00e0 contribution : il pr\u00e9pare physiquement les fonctionnaires de police. Paul d\u00e9couvre le judo. Le reste de sa vie, il le passera ensuite sur les tapis des dojos. Il devient l\u2019assistant de M\u00e9nessier, fondateur du premier club de judo dans l\u2019Est de la France. En m\u00eame temps qu\u2019il \u00e9volue dans son m\u00e9tier de policier, ses ceintures changent aussi de couleur, jusqu\u2019au noir 6e dan OPJ et 3e dan de la f\u00e9d\u00e9ration. Il cr\u00e9e les sections judo de Lun\u00e9ville, Epinal, Jarville, Vandoeuvre, Saint-Max et PTT. Il s\u2019ouvre \u00e0 d\u2019autres disciplines martiales : a\u00efkido (6e dan), kendo, karat\u00e9 (1er dan), taekwondo (1er dan), yoga\u2026 qu\u2019il enseigne. Il partira m\u00eame au Japon pour mieux s\u2019impr\u00e9gner de la philosophie des arts martiaux.<\/span><\/p>\n<p>[\/et_pb_text][\/et_pb_column][\/et_pb_row][et_pb_row column_structure=\u00a0\u00bb3_5,2_5&Prime; _builder_version=\u00a0\u00bb4.22.1&Prime; _module_preset=\u00a0\u00bbdefault\u00a0\u00bb background_color=\u00a0\u00bbRGBA(255,255,255,0)\u00a0\u00bb background_enable_image=\u00a0\u00bboff\u00a0\u00bb global_colors_info=\u00a0\u00bb{}\u00a0\u00bb][et_pb_column type=\u00a0\u00bb3_5&Prime; _builder_version=\u00a0\u00bb4.22.1&Prime; _module_preset=\u00a0\u00bbdefault\u00a0\u00bb global_colors_info=\u00a0\u00bb{}\u00a0\u00bb][et_pb_text _builder_version=\u00a0\u00bb4.22.1&Prime; _module_preset=\u00a0\u00bbdefault\u00a0\u00bb text_text_color=\u00a0\u00bb#1A2E35&Prime; text_font_size=\u00a0\u00bb20px\u00a0\u00bb custom_margin=\u00a0\u00bb||0px||false|false\u00a0\u00bb locked=\u00a0\u00bboff\u00a0\u00bb global_colors_info=\u00a0\u00bb{}\u00a0\u00bb]<\/p>\n<p><b>Engagement social<\/b><\/p>\n<p><span style=\"font-weight: 400;\">Le tribunal lui envoie des jeunes gens qu\u2019il va initier aux arts martiaux dans le club qu\u2019il a fond\u00e9 en 1960, le Sho-Bu-Ka\u00ef. \u00ab On les avait sous la main. C\u2019\u00e9tait de la pr\u00e9vention et de la r\u00e9insertion par le sport \u00bb. Paul poussait le luxe jusqu\u2019\u00e0 \u00ab les aider \u00e0 trouver un emploi. On les suivait \u00bb. Fort de son exp\u00e9rience, il dispense des cours \u00e0 l\u2019\u00e9cole des \u00e9ducateurs de Nancy. \u00ab Jusqu\u2019\u00e0 70 ans, j\u2019ai toujours eu des activit\u00e9s, quand elles n\u2019\u00e9taient pas physiques, elles \u00e9taient p\u00e9dagogiques \u00bb.<\/span><\/p>\n<p><span style=\"font-weight: 400;\">Voir son nom sur une salle sportive? \u00abUne cons\u00e9cration\u00bb, dit-il. \u00abTout ce que j\u2019ai fait, je l\u2019ai fait avec mon c\u0153ur. Et avec la motivation de permettre aux autres de s\u2019am\u00e9liorer \u00bb.<\/span><\/p>\n<p>[\/et_pb_text][\/et_pb_column][et_pb_column type=\u00a0\u00bb2_5&Prime; _builder_version=\u00a0\u00bb4.22.1&Prime; _module_preset=\u00a0\u00bbdefault\u00a0\u00bb background_image=\u00a0\u00bbhttps:\/\/www.shobukai.fr\/wp-content\/uploads\/2023\/09\/Shobukai_presentation-nancy.webp\u00a0\u00bb global_colors_info=\u00a0\u00bb{}\u00a0\u00bb][et_pb_image src=\u00a0\u00bbhttps:\/\/www.shobukai.fr\/wp-content\/uploads\/2023\/09\/Shobukai_presentation-nancy.webp\u00a0\u00bb title_text=\u00a0\u00bbShobukai_pr\u00e9sentation nancy\u00a0\u00bb align=\u00a0\u00bbcenter\u00a0\u00bb _builder_version=\u00a0\u00bb4.22.1&Prime; _module_preset=\u00a0\u00bbdefault\u00a0\u00bb global_colors_info=\u00a0\u00bb{}\u00a0\u00bb][\/et_pb_image][\/et_pb_column][\/et_pb_row][et_pb_row _builder_version=\u00a0\u00bb4.22.1&Prime; _module_preset=\u00a0\u00bbdefault\u00a0\u00bb global_colors_info=\u00a0\u00bb{}\u00a0\u00bb][et_pb_column type=\u00a0\u00bb4_4&Prime; _builder_version=\u00a0\u00bb4.22.1&Prime; _module_preset=\u00a0\u00bbdefault\u00a0\u00bb global_colors_info=\u00a0\u00bb{}\u00a0\u00bb][et_pb_text _builder_version=\u00a0\u00bb4.22.1&Prime; _module_preset=\u00a0\u00bbdefault\u00a0\u00bb text_text_color=\u00a0\u00bb#1A2E35&Prime; text_font_size=\u00a0\u00bb20px\u00a0\u00bb custom_margin=\u00a0\u00bb||0px||false|false\u00a0\u00bb locked=\u00a0\u00bboff\u00a0\u00bb global_colors_info=\u00a0\u00bb{}\u00a0\u00bb]<\/p>\n<p><b>Une m\u00e9daille qui t\u00e9moigne d\u2019une carri\u00e8re exceptionnelle.<\/b><\/p>\n<p><span style=\"font-weight: 400;\">Paul Friederich a re\u00e7u, lors de la c\u00e9r\u00e9monie \u00ab Ippon d\u2019or \u00bb, la m\u00e9daille d\u2019or de la FFJDA (F\u00e9d\u00e9ration fran\u00e7aise de judo et disciplines associ\u00e9es), des mains de Bruno Guillotin, pr\u00e9sident du comit\u00e9 d\u00e9partemental de judo, pour l\u2019ensemble de sa carri\u00e8re de judoka.<\/span><\/p>\n<p><span style=\"font-weight: 400;\">Passionn\u00e9 d\u2019arts martiaux, il l\u2019est incontestablement, comme en t\u00e9moignent ses \u00e9tats : ceinture noire 6\u00e8me dan d\u2019a\u00efkido, 3\u00e8me dan de judo, 1er dan de tae kwon do et professeur de yoga. Il fallait bien la dimension de Paul Friederich pour hisser le Sho Bu Kai au niveau des plus grands clubs fran\u00e7ais. C\u2019est \u2013 et pour que soit sauve sa modestie, nous dirons \u00ab en partie \u00bb \u2013 gr\u00e2ce \u00e0 lui que le Sho Bu Kai rassemble aujourd\u2019hui pas loin de 600 licenci\u00e9s dans ses douze sections : le Judo, l\u2019Aikido, l&rsquo;Aiki-Ta\u00efso, le Karat\u00e9, le Taekwondo, le Kung Fu, le Tai chi chuan, le Nippon Kempo, l&rsquo;Hapkido, le Body-Taekwondo Fitness, le Penchak Silat et le Yoga.<\/span><\/p>\n<p><b>Ceintures noires<\/b><\/p>\n<p><span style=\"font-weight: 400;\">Tout en contribuant au lancement de nombreux clubs de judo en Lorraine, \u00e0 Epinal, \u00e0 Saint-Di\u00e9, \u00e0 Lun\u00e9ville, et dans ce qui allait devenir le Grand Nancy, il fonde en 1960 le Sho Bu Kai de Nancy, qui depuis cette date n\u2019a cess\u00e9 de grandir. Et, si le judo a \u00e9t\u00e9 l\u2019art martial pionnier (Paul Friederich peut \u00eatre fier d\u2019avoir form\u00e9 plus de 220 ceintures noires, dont 27 sont aujourd\u2019hui dipl\u00f4m\u00e9es d\u2019Etat), il a \u00e9t\u00e9 suivi par l\u2019Aikido, le Karat\u00e9, et le Yoga, trois autres disciplines dans lesquelles Paul Friederich excelle, et dont, estime-t-il, \u00ab la compl\u00e9mentarit\u00e9 donne sens et coh\u00e9rence aux arts martiaux \u00bb.<\/span><\/p>\n<p>[\/et_pb_text][\/et_pb_column][\/et_pb_row][et_pb_row _builder_version=\u00a0\u00bb4.22.1&Prime; _module_preset=\u00a0\u00bbdefault\u00a0\u00bb background_color=\u00a0\u00bbRGBA(255,255,255,0)\u00a0\u00bb background_enable_image=\u00a0\u00bboff\u00a0\u00bb global_colors_info=\u00a0\u00bb{}\u00a0\u00bb][et_pb_column type=\u00a0\u00bb4_4&Prime; _builder_version=\u00a0\u00bb4.22.1&Prime; _module_preset=\u00a0\u00bbdefault\u00a0\u00bb global_colors_info=\u00a0\u00bb{}\u00a0\u00bb][et_pb_text _builder_version=\u00a0\u00bb4.22.1&Prime; _module_preset=\u00a0\u00bbdefault\u00a0\u00bb text_text_color=\u00a0\u00bb#1A2E35&Prime; text_font_size=\u00a0\u00bb20px\u00a0\u00bb custom_margin=\u00a0\u00bb||0px||false|false\u00a0\u00bb locked=\u00a0\u00bboff\u00a0\u00bb global_colors_info=\u00a0\u00bb{}\u00a0\u00bb]<\/p>\n<p><strong>Partager ses comp\u00e9tences<\/strong><\/p>\n<p><span style=\"font-weight: 400;\">Aujourd\u2019hui, le Sho Bu Kai s\u2019est donc tr\u00e8s naturellement ouvert \u00e0 d\u2019autres disciplines, comme le Taekwondo, le Penchak Silat ou le Nippon Kempo.<\/span><\/p>\n<p><span style=\"font-weight: 400;\">R\u00e9pondant au mot d\u2019introduction d\u2019Alexandre Chazal, actuel pr\u00e9sident, Paul Friederich a pr\u00e9cis\u00e9 qu\u2019il s\u2019agit certes \u00ab d\u2019enseigner, d\u2019\u00e9duquer, mais surtout de donner, de partager ses comp\u00e9tences. Garder pour soi ses connaissances est vanit\u00e9 \u00bb.<\/span><\/p>\n<p>[\/et_pb_text][\/et_pb_column][\/et_pb_row][et_pb_row _builder_version=\u00a0\u00bb4.22.1&Prime; _module_preset=\u00a0\u00bbdefault\u00a0\u00bb global_colors_info=\u00a0\u00bb{}\u00a0\u00bb][et_pb_column type=\u00a0\u00bb4_4&Prime; _builder_version=\u00a0\u00bb4.22.1&Prime; _module_preset=\u00a0\u00bbdefault\u00a0\u00bb global_colors_info=\u00a0\u00bb{}\u00a0\u00bb][et_pb_text _builder_version=\u00a0\u00bb4.22.1&Prime; _module_preset=\u00a0\u00bbdefault\u00a0\u00bb text_text_color=\u00a0\u00bb#1A2E35&Prime; text_font_size=\u00a0\u00bb20px\u00a0\u00bb custom_margin=\u00a0\u00bb||0px||false|false\u00a0\u00bb locked=\u00a0\u00bboff\u00a0\u00bb global_colors_info=\u00a0\u00bb{}\u00a0\u00bb]<\/p>\n<p><b>Devenu immortel<\/b><\/p>\n<p><span style=\"font-weight: 400;\">Paul Friederich conna\u00eetra le rare privil\u00e8ge de voir, de son vivant, son nom donn\u00e9 \u00e0 une construction. Il pourra se lire sur le p\u00f4le socio-\u00e9ducatif de Nancy.<\/span><\/p>\n<p><span style=\"font-weight: 400;\">Paul Friederich : \u00ab Cela montre que je n\u2019ai pas \u00e9t\u00e9 oubli\u00e9 \u00bb.<\/span><\/p>\n<p><span style=\"font-weight: 400;\">\u00ab Ce n\u2019est pas une finalit\u00e9 \u00bb, conc\u00e8de Paul Friederich, connu pour la pratique des arts martiaux, mais \u00ab j\u2019ai avant tout \u00e9t\u00e9 un \u00e9ducateur et l\u2019un des premiers membres des maisons de jeunes en 1938. On avait une pi\u00e8ce sur le cours L\u00e9opold, vous imaginez \u00bb. La jeunesse, il l\u2019a toujours c\u00f4toy\u00e9e. Notamment pendant sa carri\u00e8re d\u2019inspecteur de police. \u00ab On a form\u00e9 la premi\u00e8re brigade des mineurs en France \u00e0 Nancy. On faisait de la pr\u00e9vention, des enqu\u00eates sociales. Pour ma part, je faisais de l\u2019insertion par le sport et la culture. Quand j\u2019avais des gars, je cherchais des lieux, des clubs o\u00f9 ils pouvaient se ressourcer. Il faut les occuper, les encadrer. Je n\u2019ai jamais frapp\u00e9 personne de ma vie \u00bb.<\/span><\/p>\n<p><span style=\"font-weight: 400;\">Pas m\u00eame les \u00ab durs \u00bb qu\u2019il arrivait \u00e0 amender par le dialogue, l\u2019encadrement et le travail.<\/span><\/p>\n<p><span style=\"font-weight: 400;\">Les choses n\u2019ont gu\u00e8re chang\u00e9. \u00ab Pour comprendre il faut aller sur le terrain \u00bb. La r\u00e9insertion \u00ab ce n\u2019est pas un m\u00e9tier, mais un sacerdoce. J\u2019ai r\u00e9ussi parfois, mais j\u2019ai eu aussi de sacr\u00e9s \u00e9checs \u00bb.<\/span><\/p>\n<p>[\/et_pb_text][\/et_pb_column][\/et_pb_row][et_pb_row column_structure=\u00a0\u00bb2_5,3_5&Prime; _builder_version=\u00a0\u00bb4.22.1&Prime; _module_preset=\u00a0\u00bbdefault\u00a0\u00bb background_color=\u00a0\u00bbRGBA(255,255,255,0)\u00a0\u00bb background_enable_image=\u00a0\u00bboff\u00a0\u00bb global_colors_info=\u00a0\u00bb{}\u00a0\u00bb][et_pb_column type=\u00a0\u00bb2_5&Prime; _builder_version=\u00a0\u00bb4.22.1&Prime; _module_preset=\u00a0\u00bbdefault\u00a0\u00bb background_image=\u00a0\u00bbhttps:\/\/www.shobukai.fr\/wp-content\/uploads\/2023\/09\/Shobukai_presentation-nancy.webp\u00a0\u00bb global_colors_info=\u00a0\u00bb{}\u00a0\u00bb][et_pb_image src=\u00a0\u00bbhttps:\/\/www.shobukai.fr\/wp-content\/uploads\/2023\/09\/paul-friederich.jpg\u00a0\u00bb title_text=\u00a0\u00bbpaul-friederich\u00a0\u00bb align=\u00a0\u00bbcenter\u00a0\u00bb _builder_version=\u00a0\u00bb4.22.1&Prime; _module_preset=\u00a0\u00bbdefault\u00a0\u00bb global_colors_info=\u00a0\u00bb{}\u00a0\u00bb][\/et_pb_image][\/et_pb_column][et_pb_column type=\u00a0\u00bb3_5&Prime; _builder_version=\u00a0\u00bb4.22.1&Prime; _module_preset=\u00a0\u00bbdefault\u00a0\u00bb global_colors_info=\u00a0\u00bb{}\u00a0\u00bb][et_pb_text _builder_version=\u00a0\u00bb4.22.1&Prime; _module_preset=\u00a0\u00bbdefault\u00a0\u00bb text_text_color=\u00a0\u00bb#1A2E35&Prime; text_font_size=\u00a0\u00bb20px\u00a0\u00bb custom_margin=\u00a0\u00bb||0px||false|false\u00a0\u00bb locked=\u00a0\u00bboff\u00a0\u00bb global_colors_info=\u00a0\u00bb{}\u00a0\u00bb]<\/p>\n<p><strong>Sports de combat<\/strong><\/p>\n<p><span style=\"font-weight: 400;\">Ce souci d\u2019\u00e9duquer la jeunesse d\u00e9linquante, il l\u2019applique au sport. \u00ab J\u2019ai d\u00e9bord\u00e9 largement ma mission du minist\u00e8re de l\u2019Int\u00e9rieur \u00bb, en formant aussi les premiers ma\u00eetres nageurs de Nancy. L\u2019athl\u00e8te de haut de niveau ne s\u2019int\u00e9resse pas seulement \u00e0 la natation, mais aussi aux sports de combat. \u00ab La championnite ne m\u2019int\u00e9resse pas, ce qui m\u2019int\u00e9resse c\u2019est l\u2019homme, mais quand il devient un champion c\u2019est mieux \u00bb. Quatre ou cinq champions de France de judo sont pass\u00e9s entre les mains de ce 3e dan du Judo, 6e dan d\u2019A\u00efkido, 1er dan de Taekwondo et 1er dan de Kung-Fu.<\/span><\/p>\n<p><span style=\"font-weight: 400;\">\u00ab C\u2019est du vent tout \u00e7a \u00bb. L\u2019important pour Paul Friederich est d\u2019avoir donn\u00e9 ce qu\u2019il avait \u00e0 partager. C\u2019est vraisemblablement ce \u00e0 quoi le conseil municipal rend hommage en donnant son nom au p\u00f4le sportif socio-\u00e9ducatif de Nancy, restructur\u00e9 apr\u00e8s 12 mois de travaux. De cette cons\u00e9cration, Paul Friederich ne tire aucune gloire. Trop modeste. Il se contente de dire \u00ab \u00e7a montre que je n\u2019ai pas \u00e9t\u00e9 oubli\u00e9 \u00bb.<\/span><\/p>\n<p>[\/et_pb_text][\/et_pb_column][\/et_pb_row][et_pb_row _builder_version=\u00a0\u00bb4.22.1&Prime; _module_preset=\u00a0\u00bbdefault\u00a0\u00bb global_colors_info=\u00a0\u00bb{}\u00a0\u00bb][et_pb_column type=\u00a0\u00bb4_4&Prime; _builder_version=\u00a0\u00bb4.22.1&Prime; _module_preset=\u00a0\u00bbdefault\u00a0\u00bb global_colors_info=\u00a0\u00bb{}\u00a0\u00bb][et_pb_text _builder_version=\u00a0\u00bb4.22.1&Prime; _module_preset=\u00a0\u00bbdefault\u00a0\u00bb text_text_color=\u00a0\u00bb#1A2E35&Prime; text_font_size=\u00a0\u00bb20px\u00a0\u00bb custom_margin=\u00a0\u00bb||0px||false|false\u00a0\u00bb locked=\u00a0\u00bboff\u00a0\u00bb global_colors_info=\u00a0\u00bb{}\u00a0\u00bb]<\/p>\n<p><b>D\u00e9c\u00e8s de Paul Friederich<\/b><\/p>\n<p><span style=\"font-weight: 400;\">C\u2019est sans doute le dernier des tr\u00e8s grands du judo et des arts martiaux de Nancy, qui dispara\u00eet avec Paul Friederich. Ce Messin d\u2019origine, n\u00e9 le 31 janvier 1923, est \u00e0 l\u2019origine de presque tout ce qui concerne les arts martiaux sur le bassin de Nancy. En 1960, il fonde dans l\u2019arri\u00e8re-cour d\u2019un immeuble, le Sho bu Ka\u00ef, un club qui, aujourd\u2019hui, compte plus de six cents membres dans diverses disciplines.<\/span><\/p>\n<p><span style=\"font-weight: 400;\">Inspecteur de police \u00e0 la brigade des mineurs, il avait compris que la pr\u00e9vention \u00e9tait plus utile que la r\u00e9pression. Il avait, d\u2019ailleurs, termin\u00e9 sa carri\u00e8re de policier dans le service de pr\u00e9vention de la jeunesse, incitant les jeunes \u00e0 faire du sport, et en particulier des arts martiaux. C\u2019est ainsi qu\u2019il a accueilli sur ses tatamis, des g\u00e9n\u00e9rations de jeunes, les anciens \u00e9l\u00e8ves devenus parents ou grands- parents venant ensuite accompagner leurs jeunes sur le tapis pour y recevoir des conseils.<\/span><\/p>\n<p><span style=\"font-weight: 400;\">Pour Paul Friederich, les arts martiaux et en particulier le judo et l\u2019a\u00efkido \u00e9taient une \u00e9cole de vie, bien au-del\u00e0 de la technique pure.<\/span><\/p>\n<p><span style=\"font-weight: 400;\">Paul Friederich fut le pionnier de l\u2019A\u00efkido en Lorraine et \u00e0 Nancy. Toute sa vie fut consacr\u00e9e \u00e0 trois sports en particulier: le Judo, le Yoga et l\u2019A\u00efkido, dont il \u00e9tait grad\u00e9 6e dan. Mais il s\u2019int\u00e9ressait \u00e9galement au Karat\u00e9 et au Taekwondo. Alors qu\u2019il avait plus de 80 ans, il enseignait encore. Son plaisir \u00e9tait d\u2019\u00eatre sur le tatami avec les enfants.<\/span><\/p>\n<p><span style=\"font-weight: 400;\">Au cours de sa vie, Paul Friederich a form\u00e9 des milliers de judokas et des centaines de ceintures noires dans les diff\u00e9rentes disciplines. Tous pleurent le professeur, mais \u00e9galement l\u2019homme de bien et l\u2019humaniste.<\/span><\/p>\n<p><span style=\"font-weight: 400;\">Son fils Herv\u00e9, qui a repris le flambeau, dit de lui qu\u2019il vivait dans une sph\u00e8re \u00e0 part, o\u00f9 les mots profits et comp\u00e9tition dure n\u2019existent pas.<\/span><\/p>\n<p><span style=\"font-weight: 400;\">Sa carri\u00e8re a valu \u00e0 Paul Friederich de multiples r\u00e9compenses : m\u00e9dailles d\u2019or de la Jeunesse et des Sports, et de la ville de Nancy, ainsi que des diff\u00e9rentes f\u00e9d\u00e9rations d\u2019arts martiaux. Et la d\u00e9nomination d\u2019un p\u00f4le sportif nanc\u00e9ien, le 23 septembre 2006.<\/span><\/p>\n<p><span style=\"font-weight: 400;\">Les obs\u00e8ques de Paul Friederich ont \u00e9t\u00e9 c\u00e9l\u00e9br\u00e9es mercredi 3 octobre 2007 \u00e0 10h, en l\u2019\u00e9glise Saint- Pierre de Nancy.<\/span><\/p>\n<p>[\/et_pb_text][\/et_pb_column][\/et_pb_row][\/et_pb_section][et_pb_section fb_built=\u00a0\u00bb1&Prime; admin_label=\u00a0\u00bbHoraires\u00a0\u00bb _builder_version=\u00a0\u00bb4.22.2&Prime; _module_preset=\u00a0\u00bbdefault\u00a0\u00bb background_color=\u00a0\u00bb#EEF0F2&Prime; custom_margin=\u00a0\u00bb||-30px||false|false\u00a0\u00bb locked=\u00a0\u00bboff\u00a0\u00bb collapsed=\u00a0\u00bbon\u00a0\u00bb global_colors_info=\u00a0\u00bb{}\u00a0\u00bb][et_pb_row column_structure=\u00a0\u00bb1_2,1_2&Prime; custom_padding_last_edited=\u00a0\u00bbon|desktop\u00a0\u00bb _builder_version=\u00a0\u00bb4.22.2&Prime; _module_preset=\u00a0\u00bbdefault\u00a0\u00bb custom_margin=\u00a0\u00bb||30px||false|false\u00a0\u00bb custom_padding=\u00a0\u00bb||30px||false|false\u00a0\u00bb custom_padding_tablet=\u00a0\u00bb||30px||false|false\u00a0\u00bb custom_padding_phone=\u00a0\u00bb0px||0px||false|false\u00a0\u00bb global_colors_info=\u00a0\u00bb{}\u00a0\u00bb][et_pb_column type=\u00a0\u00bb1_2&Prime; _builder_version=\u00a0\u00bb4.22.2&Prime; _module_preset=\u00a0\u00bbdefault\u00a0\u00bb custom_padding=\u00a0\u00bb0px|0px|0px|0px|false|false\u00a0\u00bb global_colors_info=\u00a0\u00bb{}\u00a0\u00bb][et_pb_text _builder_version=\u00a0\u00bb4.22.2&Prime; _module_preset=\u00a0\u00bbdefault\u00a0\u00bb text_font=\u00a0\u00bb|||on|||||\u00a0\u00bb header_3_font=\u00a0\u00bb|700|||||||\u00a0\u00bb header_3_text_color=\u00a0\u00bb#FFFFFF\u00a0\u00bb background_color=\u00a0\u00bb#1A2E35&Prime; custom_margin=\u00a0\u00bb0px|0px|0px|0px|false|false\u00a0\u00bb custom_padding=\u00a0\u00bb10%|20px|4%|20px|false|false\u00a0\u00bb header_3_font_size_tablet=\u00a0\u00bb\u00a0\u00bb header_3_font_size_phone=\u00a0\u00bb\u00a0\u00bb header_3_font_size_last_edited=\u00a0\u00bbon|desktop\u00a0\u00bb global_colors_info=\u00a0\u00bb{}\u00a0\u00bb]<\/p>\n<h3 style=\"text-align: center;\"><span style=\"vertical-align: inherit;\"><span style=\"vertical-align: inherit;\"><span style=\"vertical-align: inherit;\">Derni\u00e8res actus<\/span><\/span><\/span><\/h3>\n<p>[\/et_pb_text][et_pb_post_slider posts_number=\u00a0\u00bb3&Prime; show_more_button=\u00a0\u00bboff\u00a0\u00bb show_meta=\u00a0\u00bboff\u00a0\u00bb use_bg_overlay=\u00a0\u00bboff\u00a0\u00bb use_text_overlay=\u00a0\u00bbon\u00a0\u00bb text_overlay_color=\u00a0\u00bb#C63627&Prime; text_border_radius=\u00a0\u00bb0px\u00a0\u00bb _builder_version=\u00a0\u00bb4.22.2&Prime; _module_preset=\u00a0\u00bbdefault\u00a0\u00bb background_color=\u00a0\u00bb#1A2E35&Prime; width=\u00a0\u00bb100%\u00a0\u00bb height=\u00a0\u00bb445px\u00a0\u00bb max_height=\u00a0\u00bb445px\u00a0\u00bb custom_margin=\u00a0\u00bb0px|0px|0px|0px|false|false\u00a0\u00bb custom_padding=\u00a0\u00bb0px|0px|0px|0px|false|false\u00a0\u00bb global_colors_info=\u00a0\u00bb{}\u00a0\u00bb][\/et_pb_post_slider][\/et_pb_column][et_pb_column type=\u00a0\u00bb1_2&Prime; _builder_version=\u00a0\u00bb4.22.2&Prime; _module_preset=\u00a0\u00bbdefault\u00a0\u00bb background_color=\u00a0\u00bb#FFFFFF\u00a0\u00bb global_colors_info=\u00a0\u00bb{}\u00a0\u00bb][et_pb_text _builder_version=\u00a0\u00bb4.21.0&Prime; _module_preset=\u00a0\u00bbdefault\u00a0\u00bb text_font=\u00a0\u00bb|||on|||||\u00a0\u00bb header_3_font=\u00a0\u00bb|700|||||||\u00a0\u00bb header_3_text_color=\u00a0\u00bb#1A2E35&Prime; background_color=\u00a0\u00bb#FFFFFF\u00a0\u00bb custom_margin=\u00a0\u00bb0px|0px|0px|0px|false|false\u00a0\u00bb custom_padding=\u00a0\u00bb10%|20px|4%|20px|false|false\u00a0\u00bb header_3_font_size_tablet=\u00a0\u00bb\u00a0\u00bb header_3_font_size_phone=\u00a0\u00bb\u00a0\u00bb header_3_font_size_last_edited=\u00a0\u00bbon|desktop\u00a0\u00bb global_colors_info=\u00a0\u00bb{}\u00a0\u00bb]<\/p>\n<h3 style=\"text-align: center;\"><span style=\"vertical-align: inherit;\"><span style=\"vertical-align: inherit;\"><span style=\"vertical-align: inherit;\">Une question ?<\/span><\/span><\/span><\/h3>\n<p>[\/et_pb_text][et_pb_text _builder_version=\u00a0\u00bb4.21.0&Prime; _module_preset=\u00a0\u00bbdefault\u00a0\u00bb text_font=\u00a0\u00bb||||||||\u00a0\u00bb text_text_color=\u00a0\u00bb#1A2E35&Prime; text_font_size=\u00a0\u00bb22px\u00a0\u00bb header_text_color=\u00a0\u00bb#1A2E35&Prime; header_3_font=\u00a0\u00bb|700|||||||\u00a0\u00bb header_3_font_size=\u00a0\u00bb30px\u00a0\u00bb background_color=\u00a0\u00bb#FFFFFF\u00a0\u00bb custom_margin=\u00a0\u00bb0px|0px|0px|0px|false|false\u00a0\u00bb custom_padding=\u00a0\u00bb30px|20px|15px|20px|false|false\u00a0\u00bb custom_padding_tablet=\u00a0\u00bb30px|20px|15px|20px|false|false\u00a0\u00bb custom_padding_phone=\u00a0\u00bb15px||5px||false|false\u00a0\u00bb custom_padding_last_edited=\u00a0\u00bbon|phone\u00a0\u00bb global_colors_info=\u00a0\u00bb{}\u00a0\u00bb]<\/p>\n<p style=\"text-align: center;\">Contactez-nous par mail<\/p>\n<p style=\"text-align: center;\"><a href=\"mailto:shobukai@hotmail.fr\"><strong>shobukai@hotmail.fr<\/strong><\/a><\/p>\n<p style=\"text-align: center;\">[\/et_pb_text][et_pb_text _builder_version=\u00a0\u00bb4.21.0&Prime; _module_preset=\u00a0\u00bbdefault\u00a0\u00bb text_font=\u00a0\u00bb||||||||\u00a0\u00bb text_text_color=\u00a0\u00bb#1A2E35&Prime; text_font_size=\u00a0\u00bb22px\u00a0\u00bb header_text_color=\u00a0\u00bb#1A2E35&Prime; header_3_font=\u00a0\u00bb|700|||||||\u00a0\u00bb header_3_font_size=\u00a0\u00bb30px\u00a0\u00bb background_color=\u00a0\u00bb#FFFFFF\u00a0\u00bb custom_margin=\u00a0\u00bb0px|0px|0px|0px|false|false\u00a0\u00bb custom_padding=\u00a0\u00bb30px|20px|15px|20px|false|false\u00a0\u00bb custom_padding_tablet=\u00a0\u00bb30px|20px|15px|20px|false|false\u00a0\u00bb custom_padding_phone=\u00a0\u00bb15px||5px||false|false\u00a0\u00bb custom_padding_last_edited=\u00a0\u00bbon|phone\u00a0\u00bb global_colors_info=\u00a0\u00bb{}\u00a0\u00bb]<\/p>\n<p style=\"text-align: center;\"><span style=\"vertical-align: inherit;\"><span style=\"vertical-align: inherit;\"><span style=\"vertical-align: inherit;\"><span style=\"vertical-align: inherit;\">par t\u00e9l\u00e9phone<\/span><\/span><\/span><\/span><\/p>\n<p style=\"text-align: center;\"><a href=\"tel:0383410404\" title=\"T\u00e9l\u00e9phone ShoBuKai\">06 79 42 81 72<\/a><\/p>\n<p style=\"text-align: center;\">\n<p>[\/et_pb_text][et_pb_text _builder_version=\u00a0\u00bb4.21.0&Prime; _module_preset=\u00a0\u00bbdefault\u00a0\u00bb text_font=\u00a0\u00bb||||||||\u00a0\u00bb text_text_color=\u00a0\u00bb#1A2E35&Prime; text_font_size=\u00a0\u00bb22px\u00a0\u00bb header_text_color=\u00a0\u00bb#1A2E35&Prime; header_3_font=\u00a0\u00bb|700|||||||\u00a0\u00bb header_3_font_size=\u00a0\u00bb30px\u00a0\u00bb background_color=\u00a0\u00bb#FFFFFF\u00a0\u00bb custom_margin=\u00a0\u00bb||0px||false|false\u00a0\u00bb custom_padding=\u00a0\u00bb15px|20px|0px|20px|false|false\u00a0\u00bb global_colors_info=\u00a0\u00bb{}\u00a0\u00bb]<\/p>\n<p style=\"text-align: center;\"><span style=\"vertical-align: inherit;\"><span style=\"vertical-align: inherit;\"><span style=\"vertical-align: inherit;\"><span style=\"vertical-align: inherit;\"><span style=\"vertical-align: inherit;\"><span style=\"vertical-align: inherit;\"><span style=\"vertical-align: inherit;\"><span style=\"vertical-align: inherit;\">ou sur nos r\u00e9seaux<\/span><\/span><\/span><\/span><\/span><\/span><\/span><\/span><\/p>\n<p style=\"text-align: center;\">[\/et_pb_text][et_pb_social_media_follow icon_color=\u00a0\u00bb#FFFFFF\u00a0\u00bb use_icon_font_size=\u00a0\u00bbon\u00a0\u00bb icon_font_size=\u00a0\u00bb26px\u00a0\u00bb icon_font_size_tablet=\u00a0\u00bb20px\u00a0\u00bb icon_font_size_phone=\u00a0\u00bb20px\u00a0\u00bb icon_font_size_last_edited=\u00a0\u00bbon|tablet\u00a0\u00bb _builder_version=\u00a0\u00bb4.21.0&Prime; _module_preset=\u00a0\u00bbdefault\u00a0\u00bb background_color=\u00a0\u00bb#FFFFFF\u00a0\u00bb text_orientation=\u00a0\u00bbcenter\u00a0\u00bb background_layout=\u00a0\u00bbdark\u00a0\u00bb custom_padding=\u00a0\u00bb||10%||false|false\u00a0\u00bb locked=\u00a0\u00bboff\u00a0\u00bb global_colors_info=\u00a0\u00bb{}\u00a0\u00bb][et_pb_social_media_follow_network social_network=\u00a0\u00bbfacebook\u00a0\u00bb url=\u00a0\u00bbhttps:\/\/www.facebook.com\/shobukai.nancy\u00a0\u00bb _builder_version=\u00a0\u00bb4.21.0&Prime; _module_preset=\u00a0\u00bbdefault\u00a0\u00bb background_color=\u00a0\u00bb#38769D\u00a0\u00bb background_enable_color=\u00a0\u00bbon\u00a0\u00bb border_radii=\u00a0\u00bbon|40px|40px|40px|40px\u00a0\u00bb global_colors_info=\u00a0\u00bb{}\u00a0\u00bb follow_button=\u00a0\u00bboff\u00a0\u00bb url_new_window=\u00a0\u00bbon\u00a0\u00bb]facebook[\/et_pb_social_media_follow_network][et_pb_social_media_follow_network social_network=\u00a0\u00bbinstagram\u00a0\u00bb url=\u00a0\u00bbhttps:\/\/www.instagram.com\/shobukainancy\/\u00a0\u00bb _builder_version=\u00a0\u00bb4.21.0&Prime; _module_preset=\u00a0\u00bbdefault\u00a0\u00bb background_color=\u00a0\u00bb#1A2E35&Prime; background_enable_color=\u00a0\u00bbon\u00a0\u00bb border_radii=\u00a0\u00bbon|40px|40px|40px|40px\u00a0\u00bb global_colors_info=\u00a0\u00bb{}\u00a0\u00bb follow_button=\u00a0\u00bboff\u00a0\u00bb url_new_window=\u00a0\u00bbon\u00a0\u00bb]instagram[\/et_pb_social_media_follow_network][\/et_pb_social_media_follow][\/et_pb_column][\/et_pb_row][\/et_pb_section][et_pb_section fb_built=\u00a0\u00bb1&Prime; admin_label=\u00a0\u00bbFooter\u00a0\u00bb _builder_version=\u00a0\u00bb4.21.0&Prime; _module_preset=\u00a0\u00bbdefault\u00a0\u00bb background_image=\u00a0\u00bbhttps:\/\/www.shobukai.fr\/wp-content\/uploads\/2023\/08\/fond-footer_Plan-de-travail-1.png\u00a0\u00bb background_size=\u00a0\u00bbcontain\u00a0\u00bb background_position=\u00a0\u00bbtop_center\u00a0\u00bb background_last_edited=\u00a0\u00bbon|tablet\u00a0\u00bb background_enable_image_tablet=\u00a0\u00bboff\u00a0\u00bb background_enable_image_phone=\u00a0\u00bboff\u00a0\u00bb background_size_tablet=\u00a0\u00bbcontain\u00a0\u00bb background_position_tablet=\u00a0\u00bbtop_center\u00a0\u00bb saved_tabs=\u00a0\u00bball\u00a0\u00bb collapsed=\u00a0\u00bbon\u00a0\u00bb global_colors_info=\u00a0\u00bb{}\u00a0\u00bb][et_pb_row _builder_version=\u00a0\u00bb4.21.0&Prime; _module_preset=\u00a0\u00bbdefault\u00a0\u00bb global_colors_info=\u00a0\u00bb{}\u00a0\u00bb][et_pb_column type=\u00a0\u00bb4_4&Prime; _builder_version=\u00a0\u00bb4.21.0&Prime; _module_preset=\u00a0\u00bbdefault\u00a0\u00bb global_colors_info=\u00a0\u00bb{}\u00a0\u00bb][et_pb_image src=\u00a0\u00bbhttps:\/\/www.shobukai.fr\/wp-content\/uploads\/2023\/08\/logo-shobukai-2.png\u00a0\u00bb alt=\u00a0\u00bbshobukai &#8211; arts martiaux et yoga\u00a0\u00bb title_text=\u00a0\u00bblogo-shobukai-2&Prime; align=\u00a0\u00bbcenter\u00a0\u00bb _builder_version=\u00a0\u00bb4.22.1&Prime; _module_preset=\u00a0\u00bbdefault\u00a0\u00bb width=\u00a0\u00bb20%\u00a0\u00bb width_tablet=\u00a0\u00bb\u00a0\u00bb width_phone=\u00a0\u00bb100%\u00a0\u00bb width_last_edited=\u00a0\u00bbon|phone\u00a0\u00bb max_width=\u00a0\u00bb25%\u00a0\u00bb max_width_tablet=\u00a0\u00bb45%\u00a0\u00bb max_width_phone=\u00a0\u00bb55%\u00a0\u00bb max_width_last_edited=\u00a0\u00bbon|phone\u00a0\u00bb module_alignment=\u00a0\u00bbcenter\u00a0\u00bb custom_margin=\u00a0\u00bb||0px||false|false\u00a0\u00bb custom_padding=\u00a0\u00bb||0px||false|false\u00a0\u00bb global_colors_info=\u00a0\u00bb{}\u00a0\u00bb][\/et_pb_image][et_pb_image src=\u00a0\u00bbhttps:\/\/www.shobukai.fr\/wp-content\/uploads\/2023\/08\/Logo-accueil-shobukai-bn.jpg\u00a0\u00bb title_text=\u00a0\u00bbLogo accueil-shobukai-b&#038;n\u00a0\u00bb align=\u00a0\u00bbcenter\u00a0\u00bb _builder_version=\u00a0\u00bb4.21.0&Prime; _module_preset=\u00a0\u00bbdefault\u00a0\u00bb width=\u00a0\u00bb20%\u00a0\u00bb width_tablet=\u00a0\u00bb100%\u00a0\u00bb width_phone=\u00a0\u00bb75%\u00a0\u00bb width_last_edited=\u00a0\u00bbon|phone\u00a0\u00bb max_width=\u00a0\u00bb25%\u00a0\u00bb max_width_tablet=\u00a0\u00bb45%\u00a0\u00bb max_width_phone=\u00a0\u00bb80%\u00a0\u00bb max_width_last_edited=\u00a0\u00bbon|phone\u00a0\u00bb global_colors_info=\u00a0\u00bb{}\u00a0\u00bb][\/et_pb_image][\/et_pb_column][\/et_pb_row][et_pb_row column_structure=\u00a0\u00bb1_2,1_2&Prime; _builder_version=\u00a0\u00bb4.21.0&Prime; _module_preset=\u00a0\u00bbdefault\u00a0\u00bb custom_padding=\u00a0\u00bb0px||0px||false|false\u00a0\u00bb module_alignment_tablet=\u00a0\u00bb\u00a0\u00bb module_alignment_phone=\u00a0\u00bbcenter\u00a0\u00bb module_alignment_last_edited=\u00a0\u00bbon|phone\u00a0\u00bb global_colors_info=\u00a0\u00bb{}\u00a0\u00bb][et_pb_column type=\u00a0\u00bb1_2&Prime; _builder_version=\u00a0\u00bb4.21.0&Prime; _module_preset=\u00a0\u00bbdefault\u00a0\u00bb global_colors_info=\u00a0\u00bb{}\u00a0\u00bb][et_pb_text content_tablet=\u00a0\u00bb<\/p>\n<p style=%22text-align: center;%22><span style=%22vertical-align: inherit;%22><span style=%22vertical-align: inherit;%22><span style=%22vertical-align: inherit;%22><span style=%22vertical-align: inherit;%22>Mentions l\u00e9gales<\/span><\/span><\/span><\/span><\/p>\n<p>\u00a0\u00bb content_phone=\u00a0\u00bb<\/p>\n<p><span style=%22vertical-align: inherit;%22><span style=%22vertical-align: inherit;%22><span style=%22vertical-align: inherit;%22><span style=%22vertical-align: inherit;%22>Mentions l\u00e9gales<\/span><\/span><\/span><\/span><\/p>\n<p>\u00a0\u00bb content_last_edited=\u00a0\u00bbon|phone\u00a0\u00bb _builder_version=\u00a0\u00bb4.21.0&Prime; _module_preset=\u00a0\u00bbbb677b6c-2f6b-4e93-975a-03d213004fe8&Prime; text_font=\u00a0\u00bb||||||||\u00a0\u00bb text_text_color=\u00a0\u00bb#38769D\u00a0\u00bb header_text_align=\u00a0\u00bbright\u00a0\u00bb custom_margin_tablet=\u00a0\u00bb0px||0px||false|false\u00a0\u00bb custom_margin_phone=\u00a0\u00bb0px||0px||false|false\u00a0\u00bb custom_margin_last_edited=\u00a0\u00bbon|tablet\u00a0\u00bb custom_padding=\u00a0\u00bb0px||0px||false|false\u00a0\u00bb link_option_url=\u00a0\u00bbhttps:\/\/www.shobukai.fr\/index.php\/mentions-legales\/\u00a0\u00bb link_option_url_new_window=\u00a0\u00bbon\u00a0\u00bb text_font_size_phone=\u00a0\u00bb18px\u00a0\u00bb text_orientation_tablet=\u00a0\u00bbcenter\u00a0\u00bb text_orientation_phone=\u00a0\u00bbcenter\u00a0\u00bb text_orientation_last_edited=\u00a0\u00bbon|tablet\u00a0\u00bb global_colors_info=\u00a0\u00bb{}\u00a0\u00bb]<\/p>\n<p style=\"text-align: right;\"><span style=\"vertical-align: inherit;\"><span style=\"vertical-align: inherit;\"><span style=\"vertical-align: inherit;\"><span style=\"vertical-align: inherit;\">Mentions l\u00e9gales<\/span><\/span><\/span><\/span><\/p>\n<p>[\/et_pb_text][\/et_pb_column][et_pb_column type=\u00a0\u00bb1_2&Prime; _builder_version=\u00a0\u00bb4.21.0&Prime; _module_preset=\u00a0\u00bbdefault\u00a0\u00bb global_colors_info=\u00a0\u00bb{}\u00a0\u00bb][et_pb_text _builder_version=\u00a0\u00bb4.21.0&Prime; _module_preset=\u00a0\u00bbbb677b6c-2f6b-4e93-975a-03d213004fe8&Prime; text_font=\u00a0\u00bb||||||||\u00a0\u00bb text_text_color=\u00a0\u00bb#38769D\u00a0\u00bb header_text_align=\u00a0\u00bbright\u00a0\u00bb custom_margin_tablet=\u00a0\u00bb0px||0px||false|false\u00a0\u00bb custom_margin_phone=\u00a0\u00bb0px||0px||false|false\u00a0\u00bb custom_margin_last_edited=\u00a0\u00bbon|tablet\u00a0\u00bb custom_padding=\u00a0\u00bb0px||0px||false|false\u00a0\u00bb link_option_url=\u00a0\u00bbhttps:\/\/www.shobukai.fr\/index.php\/reglement-interieur\/\u00a0\u00bb link_option_url_new_window=\u00a0\u00bbon\u00a0\u00bb text_font_size_phone=\u00a0\u00bb18px\u00a0\u00bb text_orientation_tablet=\u00a0\u00bbcenter\u00a0\u00bb text_orientation_phone=\u00a0\u00bbcenter\u00a0\u00bb text_orientation_last_edited=\u00a0\u00bbon|tablet\u00a0\u00bb global_colors_info=\u00a0\u00bb{}\u00a0\u00bb]<\/p>\n<p><span style=\"vertical-align: inherit;\"><span style=\"vertical-align: inherit;\">R\u00e8glement int\u00e9rieur<\/span><\/span><\/p>\n<p>[\/et_pb_text][\/et_pb_column][\/et_pb_row][et_pb_row _builder_version=\u00a0\u00bb4.21.0&Prime; _module_preset=\u00a0\u00bbdefault\u00a0\u00bb custom_margin=\u00a0\u00bb||0px||false|false\u00a0\u00bb custom_padding=\u00a0\u00bb||0px||false|false\u00a0\u00bb global_colors_info=\u00a0\u00bb{}\u00a0\u00bb][et_pb_column type=\u00a0\u00bb4_4&Prime; _builder_version=\u00a0\u00bb4.21.0&Prime; _module_preset=\u00a0\u00bbdefault\u00a0\u00bb global_colors_info=\u00a0\u00bb{}\u00a0\u00bb][et_pb_text _builder_version=\u00a0\u00bb4.22.1&Prime; _module_preset=\u00a0\u00bbdefault\u00a0\u00bb text_font=\u00a0\u00bb|600|||||||\u00a0\u00bb text_font_size=\u00a0\u00bb22px\u00a0\u00bb custom_margin=\u00a0\u00bb0px|0px|0px|0px|false|false\u00a0\u00bb custom_margin_tablet=\u00a0\u00bb\u00a0\u00bb custom_margin_phone=\u00a0\u00bb\u00a0\u00bb custom_margin_last_edited=\u00a0\u00bbon|phone\u00a0\u00bb custom_padding=\u00a0\u00bb0px|0px|0px|0px|false|false\u00a0\u00bb custom_padding_tablet=\u00a0\u00bb\u00a0\u00bb custom_padding_phone=\u00a0\u00bb\u00a0\u00bb custom_padding_last_edited=\u00a0\u00bbon|desktop\u00a0\u00bb text_font_size_tablet=\u00a0\u00bb18px\u00a0\u00bb text_font_size_phone=\u00a0\u00bb12px\u00a0\u00bb locked=\u00a0\u00bboff\u00a0\u00bb global_colors_info=\u00a0\u00bb{}\u00a0\u00bb]<\/p>\n<p style=\"text-align: center;\">Association ShoBuKai \u00a9 2023 Tous droits r\u00e9serv\u00e9s<\/p>\n<p>[\/et_pb_text][\/et_pb_column][\/et_pb_row][et_pb_row _builder_version=\u00a0\u00bb4.21.0&Prime; _module_preset=\u00a0\u00bbdefault\u00a0\u00bb global_colors_info=\u00a0\u00bb{}\u00a0\u00bb][et_pb_column type=\u00a0\u00bb4_4&Prime; _builder_version=\u00a0\u00bb4.21.0&Prime; _module_preset=\u00a0\u00bbdefault\u00a0\u00bb global_colors_info=\u00a0\u00bb{}\u00a0\u00bb][et_pb_divider color=\u00a0\u00bb#1A2E35&Prime; divider_weight=\u00a0\u00bb2px\u00a0\u00bb divider_weight_tablet=\u00a0\u00bb2px\u00a0\u00bb divider_weight_phone=\u00a0\u00bb1px\u00a0\u00bb divider_weight_last_edited=\u00a0\u00bbon|tablet\u00a0\u00bb _builder_version=\u00a0\u00bb4.21.0&Prime; _module_preset=\u00a0\u00bbdefault\u00a0\u00bb width=\u00a0\u00bb55%\u00a0\u00bb module_alignment=\u00a0\u00bbcenter\u00a0\u00bb custom_margin=\u00a0\u00bb||0px||false|false\u00a0\u00bb custom_margin_tablet=\u00a0\u00bb\u00a0\u00bb custom_margin_phone=\u00a0\u00bb0px||0px||false|false\u00a0\u00bb custom_margin_last_edited=\u00a0\u00bbon|phone\u00a0\u00bb custom_padding=\u00a0\u00bb||0px||false|false\u00a0\u00bb global_colors_info=\u00a0\u00bb{}\u00a0\u00bb][\/et_pb_divider][et_pb_social_media_follow icon_color=\u00a0\u00bb#FFFFFF\u00a0\u00bb use_icon_font_size=\u00a0\u00bbon\u00a0\u00bb icon_font_size=\u00a0\u00bb20px\u00a0\u00bb icon_font_size_tablet=\u00a0\u00bb\u00a0\u00bb icon_font_size_phone=\u00a0\u00bb18px\u00a0\u00bb icon_font_size_last_edited=\u00a0\u00bbon|tablet\u00a0\u00bb _builder_version=\u00a0\u00bb4.21.0&Prime; _module_preset=\u00a0\u00bbdefault\u00a0\u00bb text_orientation=\u00a0\u00bbcenter\u00a0\u00bb background_layout=\u00a0\u00bbdark\u00a0\u00bb custom_margin=\u00a0\u00bb0px||||false|false\u00a0\u00bb custom_padding=\u00a0\u00bb0px||||false|false\u00a0\u00bb global_colors_info=\u00a0\u00bb{}\u00a0\u00bb][et_pb_social_media_follow_network social_network=\u00a0\u00bbfacebook\u00a0\u00bb url=\u00a0\u00bbhttps:\/\/www.facebook.com\/shobukai.nancy\u00a0\u00bb _builder_version=\u00a0\u00bb4.21.0&Prime; _module_preset=\u00a0\u00bbdefault\u00a0\u00bb background_color=\u00a0\u00bb#38769D\u00a0\u00bb background_enable_color=\u00a0\u00bbon\u00a0\u00bb border_radii=\u00a0\u00bbon|40px|40px|40px|40px\u00a0\u00bb global_colors_info=\u00a0\u00bb{}\u00a0\u00bb follow_button=\u00a0\u00bboff\u00a0\u00bb url_new_window=\u00a0\u00bbon\u00a0\u00bb]facebook[\/et_pb_social_media_follow_network][et_pb_social_media_follow_network social_network=\u00a0\u00bbinstagram\u00a0\u00bb url=\u00a0\u00bbhttps:\/\/www.instagram.com\/shobukainancy\/\u00a0\u00bb _builder_version=\u00a0\u00bb4.21.0&Prime; _module_preset=\u00a0\u00bbdefault\u00a0\u00bb background_color=\u00a0\u00bb#1A2E35&Prime; background_enable_color=\u00a0\u00bbon\u00a0\u00bb border_radii=\u00a0\u00bbon|40px|40px|40px|40px\u00a0\u00bb global_colors_info=\u00a0\u00bb{}\u00a0\u00bb follow_button=\u00a0\u00bboff\u00a0\u00bb url_new_window=\u00a0\u00bbon\u00a0\u00bb]instagram[\/et_pb_social_media_follow_network][\/et_pb_social_media_follow][\/et_pb_column][\/et_pb_row][\/et_pb_section]<\/p>\n","protected":false},"excerpt":{"rendered":"<p>SHO BU KAIQui sommes-nous ?Le Sho Bu Kai est une association d\u2019arts martiaux et de yoga loi 1901 cr\u00e9\u00e9e en 1960 \u00e0 Nancy. \u00ab Sho Bu Kai \u00bb signifie en japonais \u00ab \u00e9cole d\u2019arts martiaux \u00bb. Aujourd&rsquo;hui, c&rsquo;est environ 600 licenci\u00e9s qui participent \u00e0 nos activit\u00e9s. Le club est affili\u00e9 aux F\u00e9d\u00e9rations Fran\u00e7aise de Judo, [&hellip;]<\/p>\n","protected":false},"author":1,"featured_media":0,"parent":0,"menu_order":0,"comment_status":"closed","ping_status":"closed","template":"","meta":{"_et_pb_use_builder":"on","_et_pb_old_content":"","_et_gb_content_width":"","_monsterinsights_skip_tracking":false,"_monsterinsights_sitenote_active":false,"_monsterinsights_sitenote_note":"","_monsterinsights_sitenote_category":0,"footnotes":""},"class_list":["post-605","page","type-page","status-publish","hentry"],"yoast_head":"<!-- This site is optimized with the Yoast SEO plugin v23.3 - https:\/\/yoast.com\/wordpress\/plugins\/seo\/ -->\n<title>Association Sho Bu Kai - pr\u00e9sentation - Association Sho Bu Kai<\/title>\n<meta name=\"description\" content=\"L&#039;association Sho Bu Kai est affili\u00e9 aux F\u00e9d\u00e9rations Fran\u00e7aise de Judo, d\u2019A\u00efkido et de Budo, de Taekwondo, de Karat\u00e9, d\u2019arts martiaux ainsi qu\u2019\u00e0 l\u2019Union Nationale de Yoga.\" \/>\n<meta name=\"robots\" content=\"index, follow, max-snippet:-1, max-image-preview:large, max-video-preview:-1\" \/>\n<link rel=\"canonical\" href=\"https:\/\/www.shobukai.fr\/index.php\/presentation\/\" \/>\n<meta property=\"og:locale\" content=\"fr_FR\" \/>\n<meta property=\"og:type\" content=\"article\" \/>\n<meta property=\"og:title\" content=\"Association Sho Bu Kai - pr\u00e9sentation - Association Sho Bu Kai\" \/>\n<meta property=\"og:description\" content=\"L&#039;association Sho Bu Kai est affili\u00e9 aux F\u00e9d\u00e9rations Fran\u00e7aise de Judo, d\u2019A\u00efkido et de Budo, de Taekwondo, de Karat\u00e9, d\u2019arts martiaux ainsi qu\u2019\u00e0 l\u2019Union Nationale de Yoga.\" \/>\n<meta property=\"og:url\" content=\"https:\/\/www.shobukai.fr\/index.php\/presentation\/\" \/>\n<meta property=\"og:site_name\" content=\"Association Sho Bu Kai\" \/>\n<meta property=\"article:publisher\" content=\"https:\/\/www.facebook.com\/shobukai.nancy\" \/>\n<meta property=\"article:modified_time\" content=\"2024-06-20T09:34:10+00:00\" \/>\n<meta name=\"twitter:card\" content=\"summary_large_image\" \/>\n<meta name=\"twitter:label1\" content=\"Dur\u00e9e de lecture estim\u00e9e\" \/>\n\t<meta name=\"twitter:data1\" content=\"11 minutes\" \/>\n<script type=\"application\/ld+json\" class=\"yoast-schema-graph\">{\"@context\":\"https:\/\/schema.org\",\"@graph\":[{\"@type\":\"WebPage\",\"@id\":\"https:\/\/www.shobukai.fr\/index.php\/presentation\/\",\"url\":\"https:\/\/www.shobukai.fr\/index.php\/presentation\/\",\"name\":\"Association Sho Bu Kai - pr\u00e9sentation - Association Sho Bu Kai\",\"isPartOf\":{\"@id\":\"https:\/\/www.shobukai.fr\/#website\"},\"datePublished\":\"2023-09-07T15:46:41+00:00\",\"dateModified\":\"2024-06-20T09:34:10+00:00\",\"description\":\"L'association Sho Bu Kai est affili\u00e9 aux F\u00e9d\u00e9rations Fran\u00e7aise de Judo, d\u2019A\u00efkido et de Budo, de Taekwondo, de Karat\u00e9, d\u2019arts martiaux ainsi qu\u2019\u00e0 l\u2019Union Nationale de Yoga.\",\"breadcrumb\":{\"@id\":\"https:\/\/www.shobukai.fr\/index.php\/presentation\/#breadcrumb\"},\"inLanguage\":\"fr-FR\",\"potentialAction\":[{\"@type\":\"ReadAction\",\"target\":[\"https:\/\/www.shobukai.fr\/index.php\/presentation\/\"]}]},{\"@type\":\"BreadcrumbList\",\"@id\":\"https:\/\/www.shobukai.fr\/index.php\/presentation\/#breadcrumb\",\"itemListElement\":[{\"@type\":\"ListItem\",\"position\":1,\"name\":\"Accueil\",\"item\":\"https:\/\/www.shobukai.fr\/\"},{\"@type\":\"ListItem\",\"position\":2,\"name\":\"Association Sho Bu Kai &#8211; pr\u00e9sentation\"}]},{\"@type\":\"WebSite\",\"@id\":\"https:\/\/www.shobukai.fr\/#website\",\"url\":\"https:\/\/www.shobukai.fr\/\",\"name\":\"Association Sho Bu Kai\",\"description\":\"12 disciplines d\u2019arts martiaux et yoga \u00e0 Nancy\",\"publisher\":{\"@id\":\"https:\/\/www.shobukai.fr\/#organization\"},\"potentialAction\":[{\"@type\":\"SearchAction\",\"target\":{\"@type\":\"EntryPoint\",\"urlTemplate\":\"https:\/\/www.shobukai.fr\/?s={search_term_string}\"},\"query-input\":\"required name=search_term_string\"}],\"inLanguage\":\"fr-FR\"},{\"@type\":\"Organization\",\"@id\":\"https:\/\/www.shobukai.fr\/#organization\",\"name\":\"Association Sho Bu Kai\",\"url\":\"https:\/\/www.shobukai.fr\/\",\"logo\":{\"@type\":\"ImageObject\",\"inLanguage\":\"fr-FR\",\"@id\":\"https:\/\/www.shobukai.fr\/#\/schema\/logo\/image\/\",\"url\":\"http:\/\/www.shobukai.fr\/wp-content\/uploads\/2023\/08\/Logo-Sho-Bu-Kai-Nancy.png\",\"contentUrl\":\"http:\/\/www.shobukai.fr\/wp-content\/uploads\/2023\/08\/Logo-Sho-Bu-Kai-Nancy.png\",\"width\":785,\"height\":265,\"caption\":\"Association Sho Bu Kai\"},\"image\":{\"@id\":\"https:\/\/www.shobukai.fr\/#\/schema\/logo\/image\/\"},\"sameAs\":[\"https:\/\/www.facebook.com\/shobukai.nancy\",\"https:\/\/www.instagram.com\/shobukainancy\/\"]}]}<\/script>\n<!-- \/ Yoast SEO plugin. -->","yoast_head_json":{"title":"Association Sho Bu Kai - pr\u00e9sentation - Association Sho Bu Kai","description":"L'association Sho Bu Kai est affili\u00e9 aux F\u00e9d\u00e9rations Fran\u00e7aise de Judo, d\u2019A\u00efkido et de Budo, de Taekwondo, de Karat\u00e9, d\u2019arts martiaux ainsi qu\u2019\u00e0 l\u2019Union Nationale de Yoga.","robots":{"index":"index","follow":"follow","max-snippet":"max-snippet:-1","max-image-preview":"max-image-preview:large","max-video-preview":"max-video-preview:-1"},"canonical":"https:\/\/www.shobukai.fr\/index.php\/presentation\/","og_locale":"fr_FR","og_type":"article","og_title":"Association Sho Bu Kai - pr\u00e9sentation - Association Sho Bu Kai","og_description":"L'association Sho Bu Kai est affili\u00e9 aux F\u00e9d\u00e9rations Fran\u00e7aise de Judo, d\u2019A\u00efkido et de Budo, de Taekwondo, de Karat\u00e9, d\u2019arts martiaux ainsi qu\u2019\u00e0 l\u2019Union Nationale de Yoga.","og_url":"https:\/\/www.shobukai.fr\/index.php\/presentation\/","og_site_name":"Association Sho Bu Kai","article_publisher":"https:\/\/www.facebook.com\/shobukai.nancy","article_modified_time":"2024-06-20T09:34:10+00:00","twitter_card":"summary_large_image","twitter_misc":{"Dur\u00e9e de lecture estim\u00e9e":"11 minutes"},"schema":{"@context":"https:\/\/schema.org","@graph":[{"@type":"WebPage","@id":"https:\/\/www.shobukai.fr\/index.php\/presentation\/","url":"https:\/\/www.shobukai.fr\/index.php\/presentation\/","name":"Association Sho Bu Kai - pr\u00e9sentation - Association Sho Bu Kai","isPartOf":{"@id":"https:\/\/www.shobukai.fr\/#website"},"datePublished":"2023-09-07T15:46:41+00:00","dateModified":"2024-06-20T09:34:10+00:00","description":"L'association Sho Bu Kai est affili\u00e9 aux F\u00e9d\u00e9rations Fran\u00e7aise de Judo, d\u2019A\u00efkido et de Budo, de Taekwondo, de Karat\u00e9, d\u2019arts martiaux ainsi qu\u2019\u00e0 l\u2019Union Nationale de Yoga.","breadcrumb":{"@id":"https:\/\/www.shobukai.fr\/index.php\/presentation\/#breadcrumb"},"inLanguage":"fr-FR","potentialAction":[{"@type":"ReadAction","target":["https:\/\/www.shobukai.fr\/index.php\/presentation\/"]}]},{"@type":"BreadcrumbList","@id":"https:\/\/www.shobukai.fr\/index.php\/presentation\/#breadcrumb","itemListElement":[{"@type":"ListItem","position":1,"name":"Accueil","item":"https:\/\/www.shobukai.fr\/"},{"@type":"ListItem","position":2,"name":"Association Sho Bu Kai &#8211; pr\u00e9sentation"}]},{"@type":"WebSite","@id":"https:\/\/www.shobukai.fr\/#website","url":"https:\/\/www.shobukai.fr\/","name":"Association Sho Bu Kai","description":"12 disciplines d\u2019arts martiaux et yoga \u00e0 Nancy","publisher":{"@id":"https:\/\/www.shobukai.fr\/#organization"},"potentialAction":[{"@type":"SearchAction","target":{"@type":"EntryPoint","urlTemplate":"https:\/\/www.shobukai.fr\/?s={search_term_string}"},"query-input":"required name=search_term_string"}],"inLanguage":"fr-FR"},{"@type":"Organization","@id":"https:\/\/www.shobukai.fr\/#organization","name":"Association Sho Bu Kai","url":"https:\/\/www.shobukai.fr\/","logo":{"@type":"ImageObject","inLanguage":"fr-FR","@id":"https:\/\/www.shobukai.fr\/#\/schema\/logo\/image\/","url":"http:\/\/www.shobukai.fr\/wp-content\/uploads\/2023\/08\/Logo-Sho-Bu-Kai-Nancy.png","contentUrl":"http:\/\/www.shobukai.fr\/wp-content\/uploads\/2023\/08\/Logo-Sho-Bu-Kai-Nancy.png","width":785,"height":265,"caption":"Association Sho Bu Kai"},"image":{"@id":"https:\/\/www.shobukai.fr\/#\/schema\/logo\/image\/"},"sameAs":["https:\/\/www.facebook.com\/shobukai.nancy","https:\/\/www.instagram.com\/shobukainancy\/"]}]}},"_links":{"self":[{"href":"https:\/\/www.shobukai.fr\/index.php\/wp-json\/wp\/v2\/pages\/605","targetHints":{"allow":["GET"]}}],"collection":[{"href":"https:\/\/www.shobukai.fr\/index.php\/wp-json\/wp\/v2\/pages"}],"about":[{"href":"https:\/\/www.shobukai.fr\/index.php\/wp-json\/wp\/v2\/types\/page"}],"author":[{"embeddable":true,"href":"https:\/\/www.shobukai.fr\/index.php\/wp-json\/wp\/v2\/users\/1"}],"replies":[{"embeddable":true,"href":"https:\/\/www.shobukai.fr\/index.php\/wp-json\/wp\/v2\/comments?post=605"}],"version-history":[{"count":6,"href":"https:\/\/www.shobukai.fr\/index.php\/wp-json\/wp\/v2\/pages\/605\/revisions"}],"predecessor-version":[{"id":908,"href":"https:\/\/www.shobukai.fr\/index.php\/wp-json\/wp\/v2\/pages\/605\/revisions\/908"}],"wp:attachment":[{"href":"https:\/\/www.shobukai.fr\/index.php\/wp-json\/wp\/v2\/media?parent=605"}],"curies":[{"name":"wp","href":"https:\/\/api.w.org\/{rel}","templated":true}]}}